{"id":102,"date":"2014-03-26T19:32:41","date_gmt":"2014-03-26T18:32:41","guid":{"rendered":"http:\/\/www.detuinenvanhex.be\/?page_id=102"},"modified":"2026-04-21T09:10:37","modified_gmt":"2026-04-21T07:10:37","slug":"geschichte","status":"publish","type":"page","link":"https:\/\/www.hex.be\/de\/tuinen\/geschiedenis\/","title":{"rendered":"Geschichte"},"content":{"rendered":"<div data-elementor-type=\"wp-post\" data-elementor-id=\"102\" class=\"elementor elementor-102\" data-elementor-post-type=\"page\">\n\t\t\t\t\t\t<section class=\"elementor-section elementor-top-section elementor-element elementor-element-5d6212c1 elementor-section-height-min-height wbm-hero elementor-section-boxed elementor-section-height-default elementor-section-items-middle\" data-id=\"5d6212c1\" data-element_type=\"section\" data-e-type=\"section\" data-settings=\"{&quot;background_background&quot;:&quot;classic&quot;}\">\n\t\t\t\t\t\t\t<div class=\"elementor-background-overlay\"><\/div>\n\t\t\t\t\t\t\t<div class=\"elementor-container elementor-column-gap-default\">\n\t\t\t\t\t<div class=\"elementor-column elementor-col-100 elementor-top-column elementor-element elementor-element-4f21f259\" data-id=\"4f21f259\" data-element_type=\"column\" data-e-type=\"column\">\n\t\t\t<div class=\"elementor-widget-wrap\">\n\t\t\t\t\t\t\t<\/div>\n\t\t<\/div>\n\t\t\t\t\t<\/div>\n\t\t<\/section>\n\t\t\t\t<section class=\"elementor-section elementor-top-section elementor-element elementor-element-479bdee5 cw_medium elementor-section-boxed elementor-section-height-default elementor-section-height-default\" data-id=\"479bdee5\" data-element_type=\"section\" data-e-type=\"section\">\n\t\t\t\t\t\t<div class=\"elementor-container elementor-column-gap-default\">\n\t\t\t\t\t<div class=\"elementor-column elementor-col-100 elementor-top-column elementor-element elementor-element-559160ec\" data-id=\"559160ec\" data-element_type=\"column\" data-e-type=\"column\">\n\t\t\t<div class=\"elementor-widget-wrap elementor-element-populated\">\n\t\t\t\t\t\t<div class=\"elementor-element elementor-element-84ad4b5 elementor-widget elementor-widget-heading\" data-id=\"84ad4b5\" data-element_type=\"widget\" data-e-type=\"widget\" data-widget_type=\"heading.default\">\n\t\t\t\t<div class=\"elementor-widget-container\">\n\t\t\t\t\t<h1 class=\"elementor-heading-title elementor-size-default\">Unsere Geschichte<\/h1>\t\t\t\t<\/div>\n\t\t\t\t<\/div>\n\t\t\t\t<div class=\"elementor-element elementor-element-3b5ca9a4 elementor-widget elementor-widget-text-editor\" data-id=\"3b5ca9a4\" data-element_type=\"widget\" data-e-type=\"widget\" data-widget_type=\"text-editor.default\">\n\t\t\t\t<div class=\"elementor-widget-container\">\n\t\t\t\t\t\t\t\t\t<p><em>Das Limburgische Haspengouw hat eine Landschaft mit sanft geschwungenen H\u00fcgeln, gr\u00fcnen Wiesen, fruchtbaren Feldern, Obstg\u00e4rten und kleinen W\u00e4ldern. Der L\u00fctticher F\u00fcrstbischof Karl von Velbr\u00fcck w\u00e4hlte diese herrliche Landschaft aus, um dort ein irdisches Paradies zu erschaffen, ein \u2018Arkadien\u2019 nach dem Geschmack und der Philosophie des 18. Jahrhunderts. Der H\u00fcgel, der sich \u00fcber dem Dorf erstreckt, wurde zu einer gro\u00dfen Terrasse eingeebnet, auf der ein Jagdpavillon gebaut wurde, wobei formelle G\u00e4rten oder Stilg\u00e4rten angelegt wurden. Die \u00fcbrigen H\u00fcgel bildeten ein geeignetes Gel\u00e4nde, um einen Landschaftspark zu erschaffen.<\/em><\/p><p><img fetchpriority=\"high\" decoding=\"async\" class=\"alignnone size-full wp-image-353\" src=\"https:\/\/www.hex.be\/wp-content\/uploads\/2014\/03\/Hex-233-kasteel-750x447-copyright-Hex-e1583881707517.jpg\" alt=\"\" width=\"746\" height=\"307\" srcset=\"https:\/\/www.hex.be\/wp-content\/uploads\/2014\/03\/Hex-233-kasteel-750x447-copyright-Hex-e1583881707517.jpg 746w, https:\/\/www.hex.be\/wp-content\/uploads\/2014\/03\/Hex-233-kasteel-750x447-copyright-Hex-e1583881707517-600x247.jpg 600w, https:\/\/www.hex.be\/wp-content\/uploads\/2014\/03\/Hex-233-kasteel-750x447-copyright-Hex-e1583881707517-300x123.jpg 300w\" sizes=\"(max-width: 746px) 100vw, 746px\" \/><\/p><blockquote><p><span style=\"text-decoration: underline\"><em><strong>Ein f\u00fcrstliches Anwesen enth\u00fcllt<\/strong><\/em><em><strong><br \/><\/strong><\/em><\/span><em>Die Kunsthistorikerin Chris de Maegd verfasste als Erste eine eingehende Studie \u00fcber die Entstehungsgeschichte von Hex, die Anlage und die Entwicklungen des Parks und der G\u00e4rten \u2013 von den Anf\u00e4ngen, durch bl\u00fchende und bewegte Zeiten des 19. und 20. Jahrhunderts, bis zur Situation von heute. Der Bericht \u00fcber ihre Suche nach der Geschichte des Anwesens wurde im Jahr 2007 in Buchform ver\u00f6ffentlicht, mit pr\u00e4chtigen originalen Druckgrafiken und Fotos illustriert und liest sich wie ein Roman.<\/em><\/p><\/blockquote><p><span style=\"color: #008000\"><strong>VON VELBR\u00dcCK BIS D\u2019URSEL<\/strong><\/span><br \/>Schloss Hex wurde von dem F\u00fcrstbischof von L\u00fcttich, Franz Karl von Velbr\u00fcck, in den Jahren zwischen 1770 und dem Jahr seines Todes 1784 erbaut. Nach seinem Tod ging das Anwesen durch Vererbung an die Familie de Marchant d\u2019Ansembourg \u00fcber. Als der letzte d\u2019Ansembourg kinderlos starb, wurde das Anwesen von der Familie d\u2019Ursel geerbt. Die heutigen Bewohner sind die zweite und dritte Generation der Familie d\u2019Ursel auf Hex. Graf Ghislain und Gr\u00e4fin St\u00e9phanie d\u2019Ursel verwalten das Anwesen noch immer im Geist des damaligen Bauherrn.<\/p><blockquote><div><span style=\"text-decoration: underline\"><em><strong>Ein aufgekl\u00e4rter Prinz<\/strong><\/em><\/span><\/div><p><em>Karl von Velbr\u00fcck wurde 1719 auf Schloss Garath bei D\u00fcsseldorf geboren. Seine Familie geh\u00f6rte dem westf\u00e4lischen Adel an und seine Eltern sahen f\u00fcr ihn eine geistliche Karriere vor. Nach seinen Studien der Rechtswissenschaften kam Velbr\u00fcck als junger Kanoniker nach L\u00fcttich und bekleidete recht schnell wichtige \u00c4mter in der Verwaltung des F\u00fcrstentums. Im Jahr 1772 wurde er zum F\u00fcrstbischof gew\u00e4hlt. Seine Politik war die eines aufgekl\u00e4rten F\u00fcrsten, der f\u00fcr die Ideen von Freiheit und Toleranz gewonnen war. K\u00fcnste, Literatur, Wissenschaften und Bildung fanden in ihm einen gro\u00dfen F\u00f6rderer.<\/em><\/p><\/blockquote><p><strong><img decoding=\"async\" class=\"alignnone size-large wp-image-2146\" src=\"https:\/\/www.hex.be\/wp-content\/uploads\/2014\/04\/Hex15-Tom-de-Dorlodot-photo-015-1024x303.jpg\" alt=\"\" width=\"1024\" height=\"303\" srcset=\"https:\/\/www.hex.be\/wp-content\/uploads\/2014\/04\/Hex15-Tom-de-Dorlodot-photo-015-1024x303.jpg 1024w, https:\/\/www.hex.be\/wp-content\/uploads\/2014\/04\/Hex15-Tom-de-Dorlodot-photo-015-600x177.jpg 600w, https:\/\/www.hex.be\/wp-content\/uploads\/2014\/04\/Hex15-Tom-de-Dorlodot-photo-015-300x89.jpg 300w, https:\/\/www.hex.be\/wp-content\/uploads\/2014\/04\/Hex15-Tom-de-Dorlodot-photo-015-768x227.jpg 768w, https:\/\/www.hex.be\/wp-content\/uploads\/2014\/04\/Hex15-Tom-de-Dorlodot-photo-015.jpg 1920w\" sizes=\"(max-width: 1024px) 100vw, 1024px\" \/><\/strong><\/p><p><span style=\"color: #008000\"><strong>DAS LANDGUT<\/strong><\/span><br \/>Zentral auf dem Anwesen liegt das Schloss mit den ummauerten G\u00e4rten und dem Park. Westlich des Schlosses, im Tal von Broekom, liegt der Pachthof von Manshoven mit seinen reichen Wiesen und Auen, im R\u00fccken gedeckt durch den pr\u00e4chtigen Manshovenwald. \u00d6stlich des Schlosses, mitten auf dem fruchtbaren Plateau, liegt der Hof Monnikkenhof mit seinen ausgedehnten Feldern. Ein dritter Hof liegt an der Hekslaan gegen\u00fcber dem Schlosse. Weiter befinden sich an der Hekslaan eine Anzahl pr\u00e4chtiger alter H\u00e4user im l\u00e4ndlichen Stil des 19. Jahrhunderts, wie das Nonnenkloster und die alte S\u00e4gerei. Schlie\u00dflich geh\u00f6rt auch die alte Wasserm\u00fchle, tiefer im Dorf am Ufer der Herk gelegen, zu dem Anwesen.<\/p><blockquote><p><span style=\"text-decoration: underline\"><strong><em>Der Wanderweg<br \/><\/em><\/strong><\/span><em>Entlang Monnikkenhof, Wasserm\u00fchle und Manshoven.<\/em>\u00a0<em><br \/>Klicken Sie hier f\u00fcr die Karte der<a title=\"Karte der Wanderroute in Hex\" href=\"https:\/\/www.wandeleninlimburg.be\/nl\/routes\/3378270\/\" target=\"_blank\" rel=\"noopener noreferrer nofollow\"> Wanderweg<\/a> \u00fcber 6, 9 oder 12 km. <br \/><\/em><em>Startpunkt am Restaurant und Bistro\u00a0<\/em><a title=\"zur Website von De Horne\" href=\"http:\/\/www.dehorne.be\/\" target=\"_blank\" rel=\"noopener noreferrer nofollow\"><em>De Horne<\/em><\/a><em>.<\/em><\/p><\/blockquote><p><span style=\"color: #008000\"><strong>DAS SCHLOSS<\/strong><\/span><br \/>Der \u00dcberlieferung nach soll das Schloss nach den Pl\u00e4nen des L\u00fctticher Baumeisters Etienne Fayen erbaut worden sein. F\u00fcr dessen Ausf\u00fchrung zog Velbr\u00fcck die besten Handwerker aus L\u00fcttich, Lothringen und Italien an. Das Schloss selbst ist ein U-f\u00f6rmiges Geb\u00e4ude aus rotem Backstein mit Fensterrahmen aus Namurer Kalkstein. Es gibt ein Obergeschoss, das mit einem Mansarddach bedeckt ist. Das schlicht gehaltene Geb\u00e4ude hat als einzige Verzierung einen dreieckigen Giebel mit der Jagdg\u00f6ttin Diana im Relief.<\/p><p><span style=\"color: #008000\"><strong><img decoding=\"async\" class=\"alignnone size-large wp-image-310\" src=\"https:\/\/www.hex.be\/wp-content\/uploads\/2014\/04\/Hex-100-dia1-1190x380-copyright-Hex-1024x327.jpg\" alt=\"\" width=\"1024\" height=\"327\" srcset=\"https:\/\/www.hex.be\/wp-content\/uploads\/2014\/04\/Hex-100-dia1-1190x380-copyright-Hex-1024x327.jpg 1024w, https:\/\/www.hex.be\/wp-content\/uploads\/2014\/04\/Hex-100-dia1-1190x380-copyright-Hex-600x192.jpg 600w, https:\/\/www.hex.be\/wp-content\/uploads\/2014\/04\/Hex-100-dia1-1190x380-copyright-Hex-300x96.jpg 300w, https:\/\/www.hex.be\/wp-content\/uploads\/2014\/04\/Hex-100-dia1-1190x380-copyright-Hex-768x245.jpg 768w, https:\/\/www.hex.be\/wp-content\/uploads\/2014\/04\/Hex-100-dia1-1190x380-copyright-Hex.jpg 1190w\" sizes=\"(max-width: 1024px) 100vw, 1024px\" \/><\/strong><\/span><\/p><p><strong><span style=\"color: #008000\">DIE ZIERG\u00c4RTEN<\/span><span style=\"text-decoration: underline\"><br \/><\/span><\/strong>Velbr\u00fcck lie\u00df beim Bau des Schlosses um 1780 eine Reihe formaler Zierg\u00e4rten in unmittelbarer N\u00e4he seines Schlosses anlegen. An der Vorderseite, die damals die s\u00fcd\u00f6stliche Seite war, wurde die Einfahrt von S\u00fcden, wo L\u00fcttich liegt, im franz\u00f6sischen Stil mit Blumenbeeten zu beiden Seiten des Weges gestaltet. Auf der anderen Seite des Schlosses entstanden die ummauerten <i>Parterre<\/i>-G\u00e4rten und daneben, am Hang gegen\u00fcber dem Dorf, die tiefer gelegenen Nutzg\u00e4rten. \u00dcber die Entwicklung des Zustands w\u00e4hrend der n\u00e4chsten Generation ist wenig bekannt. Im Jahr 1871 gestaltete der Garten- und Landschaftsarchitekt Louis Fuchs den formalen Garten im Ehrenhof neu. Fuchs war auch f\u00fcr die Anlage des englischen Landschaftsparks mit den gro\u00dfen Sichtachsen verantwortlich. Der formale Garten, der zuvor in verschiedenen Terrassen angelegt und verziert war mit <i>Broderie-Ornamenten<\/i>, <i>Beete<\/i> mit Blumen, exotischen Blickf\u00e4ngen und zahlreichen Vasen, B\u00e4nken und Rosenb\u00f6gen wurde eingeebnet und stark vereinfacht. Im Jahr 1913 erhielt der Br\u00fcsseler Gartenarchitekt Jules Janlet vom damaligen Grafen d\u2019Ansembourg den Auftrag, sowohl den alten formalen Garten, den F\u00fcrstengarten, als auch den Vorgarten neu zu gestalten. Er teilte den formalen Garten neu ein, wobei er die bestehende L\u00e4ngs- und Querachse ber\u00fccksichtigte. Die Aufmerksamkeit f\u00fcr gerade Linien, ausgewogene Proportionen und die Verwendung geometrischer Figuren wie des Halbogens sind f\u00fcr den Stil von Janlet typisch. Von ihm stammen auch die drei breiten Terrassen an der s\u00fcd\u00f6stlichen Seite des Schlosses, -damals mit blumigen Blumenbeeten versehen-, und die geometrische Aufteilung des F\u00fcrstenhofs, wie wir sie heute kennen. Die Terrassen wurden 1992 nach einer Zeichnung des Antwerpener Gartenarchitekten Jaques Wirtz erneut umgestaltet. Die Blumenbeete mit Einj\u00e4hrigen wichen einem passend klaren Entwurf von Rasenfl\u00e4chen, geschnittenen Eibenbl\u00f6cken und Fl\u00e4chen aus Dolomitsplitt.<\/p><p><img loading=\"lazy\" decoding=\"async\" class=\"alignnone wp-image-362 size-full\" src=\"https:\/\/www.hex.be\/wp-content\/uploads\/2014\/03\/Hex-235-nutstuinen-750x530-copyright-Hex-e1583882613751.jpg\" alt=\"der ummauerte Gem\u00fcsegarten von Hex\" width=\"748\" height=\"249\" srcset=\"https:\/\/www.hex.be\/wp-content\/uploads\/2014\/03\/Hex-235-nutstuinen-750x530-copyright-Hex-e1583882613751.jpg 748w, https:\/\/www.hex.be\/wp-content\/uploads\/2014\/03\/Hex-235-nutstuinen-750x530-copyright-Hex-e1583882613751-600x200.jpg 600w, https:\/\/www.hex.be\/wp-content\/uploads\/2014\/03\/Hex-235-nutstuinen-750x530-copyright-Hex-e1583882613751-300x100.jpg 300w\" sizes=\"(max-width: 748px) 100vw, 748px\" \/><\/p><p><span style=\"color: #008000\"><strong>DIE <\/strong><strong>NUTZG\u00c4RTEN<\/strong><\/span><br \/>Die urspr\u00fcngliche terrassierte Anlage der G\u00e4rten von Schloss Hex ist am besten in den Nutzg\u00e4rten erhalten geblieben. Der Gem\u00fcsegarten ist vollst\u00e4ndig ummauert und liegt, niedriger als das Schloss und die formalen G\u00e4rten, auf parallelen Ebenen am Hang. Im Jahr 1774 befand sich hier noch eine Reihe von Dorfh\u00e4usern neben der Hekslaan, darunter auch das Pfarrhaus. Die H\u00e4user wurden abgerissen und das Pfarrhaus auf der gegen\u00fcberliegenden Stra\u00dfenseite wieder aufgebaut. Die Arbeiten waren um das Jahr 1790 abgeschlossen. Seitdem hat sich an der Aufteilung der Nutzg\u00e4rten wenig ge\u00e4ndert. Die hohe St\u00fctzmauer an der Nordostseite ist 250 Meter lang und wird noch immer als Obstmauer genutzt. Am Fu\u00df der Mauer befindet sich das <i>Randbeet<\/i>, der sogenannte \u2018Kragen\u2019 des Gartens. Die zentrale Ebene wird von den Beeten mit Gem\u00fcse und Blumen eingenommen. Die unterste Ebene zur Stra\u00dfenseite hin ist wie fr\u00fcher ein Obstgarten, in dem auch die Schafe weiden. Dort findet man auch den alten Brunnen, der den Gem\u00fcsegarten mit Wasser versorgen musste. Im nordwestlichen Teil des Gartens befinden sich die Gew\u00e4chsh\u00e4user und der Pflanzgarten. Der Gem\u00fcsekeller aus dem 18. Jahrhundert verbirgt sich hinter einer kleinen T\u00fcr in der St\u00fctzmauer, im \u00f6stlichen Teil des Gartens, versteckt zwischen den Kletterrosen.<\/p><p><strong><span style=\"text-decoration: underline\"><a href=\"\/wp-content\/uploads\/2014\/03\/Hex-236-engelsetuinen-470x683-copyright-Hex.jpg\"><img loading=\"lazy\" decoding=\"async\" class=\"size-medium wp-image-358 alignleft\" title=\"die verlorenen englischen G\u00e4rten\" src=\"\/wp-content\/uploads\/2014\/03\/Hex-236-engelsetuinen-470x683-copyright-Hex-206x300.jpg\" alt=\"Die verlorenen englischen G\u00e4rten von Hex\" width=\"206\" height=\"300\" srcset=\"https:\/\/www.hex.be\/wp-content\/uploads\/2014\/03\/Hex-236-engelsetuinen-470x683-copyright-Hex-206x300.jpg 206w, https:\/\/www.hex.be\/wp-content\/uploads\/2014\/03\/Hex-236-engelsetuinen-470x683-copyright-Hex.jpg 470w\" sizes=\"(max-width: 206px) 100vw, 206px\" \/><\/a><\/span><span style=\"color: #008000\">DIE VERLORENEN ENGLISCHEN G\u00c4RTEN<\/span><\/strong><br \/>In den Jahren vor seinem Tod im Jahr 1784 lie\u00df F\u00fcrstbischof Velbr\u00fcck au\u00dferhalb der Mauern der formalen G\u00e4rten einen Gartenkomplex nach einem v\u00f6llig neuen Konzept anlegen. Die sogenannten englischen G\u00e4rten waren gerade erst in Mode und Velbr\u00fcck geh\u00f6rte zu den Ersten, die nach den neuen Prinzipien dieser \u2018nat\u00fcrlichen\u2019 oder unregelm\u00e4\u00dfigen G\u00e4rten arbeiteten. Das Konzept seines damaligen Englischen Hofs ist noch weit entfernt von dem, was wir heute als den englischen romantischen Gartenstil kennen, aber der Stilbruch mit der franz\u00f6sisch inspirierten Rokokotradition war bedeutsam. Die G\u00e4rten wurden in einem gro\u00dfen Rechteck angelegt, das zwischen dem Franz\u00f6sischen Garten und dem Zavelberg lag und von einer Hecke umgeben war. Schl\u00e4ngelnde Wege f\u00fchrten den Besucher durch Durchg\u00e4nge in den Baumgruppen von einem Gartenzimmer zum anderen. Die Rasenkanten waren \u00fcbertrieben geschwungen und hier und da standen Solit\u00e4rb\u00e4ume, niedrige Geh\u00f6lzgruppen (<i>Geh\u00f6lzgruppen)<\/i> mit bl\u00fchenden Pflanzen und Parkbauwerken. Von diesem Englischen Hof ist nicht viel \u00fcbrig geblieben. Mehr noch, wir wissen nicht einmal, inwieweit die urspr\u00fcnglichen Pl\u00e4ne ausgef\u00fchrt wurden. Aber der Ton war angegeben; der Englische Hof legte eine vorsichtige Basis f\u00fcr den gro\u00dfen Landschaftspark, wie wir ihn heute kennen.<\/p><p><span style=\"color: #008000\"><img loading=\"lazy\" decoding=\"async\" class=\"alignnone size-large wp-image-10429\" src=\"https:\/\/www.hex.be\/wp-content\/uploads\/2020\/03\/image001-e1583884762732-1024x566.jpg\" alt=\"\" width=\"1024\" height=\"566\" srcset=\"https:\/\/www.hex.be\/wp-content\/uploads\/2020\/03\/image001-e1583884762732-1024x566.jpg 1024w, https:\/\/www.hex.be\/wp-content\/uploads\/2020\/03\/image001-e1583884762732-300x166.jpg 300w, https:\/\/www.hex.be\/wp-content\/uploads\/2020\/03\/image001-e1583884762732-768x425.jpg 768w, https:\/\/www.hex.be\/wp-content\/uploads\/2020\/03\/image001-e1583884762732-600x332.jpg 600w, https:\/\/www.hex.be\/wp-content\/uploads\/2020\/03\/image001-e1583884762732.jpg 1143w\" sizes=\"(max-width: 1024px) 100vw, 1024px\" \/><\/span><\/p><p><span style=\"color: #008000\"><strong>DER <\/strong><\/span><span style=\"color: #008000\"><strong>LANDSCHAFTSPARK<\/strong><\/span><br \/>Der nach Br\u00fcssel ausgewanderte deutsche Landschaftsgestalter Louis Fuchs erhielt im Jahr 1871 vom damaligen Schlossherrn Alfred I. d\u2019Ansembourg den Auftrag, den Park und die Umgebung des Schlosses im landschaftlichen Stil jener Zeit neu zu gestalten. In den zehn darauffolgenden Jahren wurden die alten Kiefernw\u00e4lder gef\u00e4llt, das Relief angepasst, neue Alleen gepflanzt und gro\u00dfe Rasenfl\u00e4chen angelegt. Heutzutage ist das langgestreckte Tal von Fuchs mit seinem leicht wellenf\u00f6rmigen Charakter und seinen ausgew\u00e4hlten Solit\u00e4ren und Baumgruppen eine der Hauptattraktionen des Anwesens und ein Schulbeispiel eines Landschaftsparks, zudem fast unversehrt erhalten.<\/p><p><img loading=\"lazy\" decoding=\"async\" class=\"alignnone size-full wp-image-333\" src=\"\/wp-content\/uploads\/2014\/03\/Hex-230-park-1140x100-copyright-Hex.jpg\" alt=\"Hex\" width=\"1140\" height=\"100\" srcset=\"https:\/\/www.hex.be\/wp-content\/uploads\/2014\/03\/Hex-230-park-1140x100-copyright-Hex.jpg 1140w, https:\/\/www.hex.be\/wp-content\/uploads\/2014\/03\/Hex-230-park-1140x100-copyright-Hex-600x53.jpg 600w, https:\/\/www.hex.be\/wp-content\/uploads\/2014\/03\/Hex-230-park-1140x100-copyright-Hex-300x26.jpg 300w, https:\/\/www.hex.be\/wp-content\/uploads\/2014\/03\/Hex-230-park-1140x100-copyright-Hex-768x67.jpg 768w, https:\/\/www.hex.be\/wp-content\/uploads\/2014\/03\/Hex-230-park-1140x100-copyright-Hex-1024x90.jpg 1024w\" sizes=\"(max-width: 1140px) 100vw, 1140px\" \/><\/p>\t\t\t\t\t\t\t\t<\/div>\n\t\t\t\t<\/div>\n\t\t\t\t<div class=\"elementor-element elementor-element-700d7f3 elementor-widget elementor-widget-text-editor\" data-id=\"700d7f3\" data-element_type=\"widget\" data-e-type=\"widget\" data-widget_type=\"text-editor.default\">\n\t\t\t\t<div class=\"elementor-widget-container\">\n\t\t\t\t\t\t\t\t\t<p><a href=\"https:\/\/www.hex.be\/de\/garten\/gemusegarten\/\"><em>Entdecke den Gem\u00fcsegarten...<\/em><\/a><\/p>\t\t\t\t\t\t\t\t<\/div>\n\t\t\t\t<\/div>\n\t\t\t\t\t<\/div>\n\t\t<\/div>\n\t\t\t\t\t<\/div>\n\t\t<\/section>\n\t\t\t\t<\/div>","protected":false},"excerpt":{"rendered":"<p>Onze Geschiedenis Limburgs Haspengouw heeft een landschap met zachtglooiende heuvels, groene weiden, vruchtbare akkers, boomgaarden en plukjes bos. De Luikse prins-bisschop Karel van Velbr\u00fcck koos dit riante landschap uit om er een aards paradijs te cre\u00ebren, een &#8216;Arcadia&#8217; naar de smaak en filosofie\u00a0van de 18de eeuw. De heuvel die zich boven het dorp uitstrekt, werd [&hellip;]<\/p>\n","protected":false},"author":10,"featured_media":10071,"parent":6040,"menu_order":0,"comment_status":"closed","ping_status":"closed","template":"","meta":{"_acf_changed":false,"site-sidebar-layout":"default","site-content-layout":"default","ast-site-content-layout":"default","site-content-style":"default","site-sidebar-style":"default","ast-global-header-display":"","ast-banner-title-visibility":"","ast-main-header-display":"","ast-hfb-above-header-display":"","ast-hfb-below-header-display":"","ast-hfb-mobile-header-display":"","site-post-title":"","ast-breadcrumbs-content":"","ast-featured-img":"disabled","footer-sml-layout":"","ast-disable-related-posts":"","theme-transparent-header-meta":"default","adv-header-id-meta":"","stick-header-meta":"default","header-above-stick-meta":"","header-main-stick-meta":"","header-below-stick-meta":"","astra-migrate-meta-layouts":"default","ast-page-background-enabled":"default","ast-page-background-meta":{"desktop":{"background-color":"","background-image":"","background-repeat":"repeat","background-position":"center center","background-size":"auto","background-attachment":"scroll","background-type":"","background-media":"","overlay-type":"","overlay-color":"","overlay-opacity":"","overlay-gradient":""},"tablet":{"background-color":"","background-image":"","background-repeat":"repeat","background-position":"center center","background-size":"auto","background-attachment":"scroll","background-type":"","background-media":"","overlay-type":"","overlay-color":"","overlay-opacity":"","overlay-gradient":""},"mobile":{"background-color":"","background-image":"","background-repeat":"repeat","background-position":"center center","background-size":"auto","background-attachment":"scroll","background-type":"","background-media":"","overlay-type":"","overlay-color":"","overlay-opacity":"","overlay-gradient":""}},"ast-content-background-meta":{"desktop":{"background-color":"var(--ast-global-color-5)","background-image":"","background-repeat":"repeat","background-position":"center center","background-size":"auto","background-attachment":"scroll","background-type":"","background-media":"","overlay-type":"","overlay-color":"","overlay-opacity":"","overlay-gradient":""},"tablet":{"background-color":"var(--ast-global-color-5)","background-image":"","background-repeat":"repeat","background-position":"center center","background-size":"auto","background-attachment":"scroll","background-type":"","background-media":"","overlay-type":"","overlay-color":"","overlay-opacity":"","overlay-gradient":""},"mobile":{"background-color":"var(--ast-global-color-5)","background-image":"","background-repeat":"repeat","background-position":"center center","background-size":"auto","background-attachment":"scroll","background-type":"","background-media":"","overlay-type":"","overlay-color":"","overlay-opacity":"","overlay-gradient":""}},"_price":"","_stock":"","_tribe_ticket_header":"","_tribe_default_ticket_provider":"Tribe__Tickets_Plus__Commerce__WooCommerce__Main","_tribe_ticket_capacity":"0","_ticket_start_date":"","_ticket_end_date":"","_tribe_ticket_show_description":"","_tribe_ticket_show_not_going":false,"_tribe_ticket_use_global_stock":"","_tribe_ticket_global_stock_level":"","_global_stock_mode":"","_global_stock_cap":"","_tribe_rsvp_for_event":"","_tribe_ticket_going_count":"","_tribe_ticket_not_going_count":"","_tribe_tickets_list":"[]","_tribe_ticket_has_attendee_info_fields":false,"footnotes":"","_members_access_role":[],"_members_access_error":"","_tec_slr_enabled":"","_tec_slr_layout":""},"class_list":["post-102","page","type-page","status-publish","has-post-thumbnail","hentry"],"acf":[],"ticketed":false,"_links":{"self":[{"href":"https:\/\/www.hex.be\/de\/wp-json\/wp\/v2\/pages\/102","targetHints":{"allow":["GET"]}}],"collection":[{"href":"https:\/\/www.hex.be\/de\/wp-json\/wp\/v2\/pages"}],"about":[{"href":"https:\/\/www.hex.be\/de\/wp-json\/wp\/v2\/types\/page"}],"author":[{"embeddable":true,"href":"https:\/\/www.hex.be\/de\/wp-json\/wp\/v2\/users\/10"}],"replies":[{"embeddable":true,"href":"https:\/\/www.hex.be\/de\/wp-json\/wp\/v2\/comments?post=102"}],"version-history":[{"count":10,"href":"https:\/\/www.hex.be\/de\/wp-json\/wp\/v2\/pages\/102\/revisions"}],"predecessor-version":[{"id":24520,"href":"https:\/\/www.hex.be\/de\/wp-json\/wp\/v2\/pages\/102\/revisions\/24520"}],"up":[{"embeddable":true,"href":"https:\/\/www.hex.be\/de\/wp-json\/wp\/v2\/pages\/6040"}],"wp:featuredmedia":[{"embeddable":true,"href":"https:\/\/www.hex.be\/de\/wp-json\/wp\/v2\/media\/10071"}],"wp:attachment":[{"href":"https:\/\/www.hex.be\/de\/wp-json\/wp\/v2\/media?parent=102"}],"curies":[{"name":"wp","href":"https:\/\/api.w.org\/{rel}","templated":true}]}}